{"id":135,"date":"2014-05-22T23:04:09","date_gmt":"2014-05-22T21:04:09","guid":{"rendered":"http:\/\/www.lamhotte.fr\/ecole\/?page_id=135"},"modified":"2023-07-26T09:21:38","modified_gmt":"2023-07-26T07:21:38","slug":"les-colleges","status":"publish","type":"page","link":"http:\/\/www.lamhotte.fr\/ecole\/lorganisation-sociale\/les-colleges\/","title":{"rendered":"L&rsquo;\u00e9quipe p\u00e9dagogique"},"content":{"rendered":"<p><strong>Le Coll\u00e8ge des Professeurs<\/strong><\/p>\n<p>Comme dans toutes les \u00e9coles Steiner-Waldorf, le Coll\u00e8ge des Professeurs forme l&rsquo;\u00e9quipe p\u00e9dagogique et se retrouve deux fois par semaine pour travailler, se rencontrer, s\u2019\u00e9prouver, \u00e9changer, se nourrir, renouveler et renforcer leurs liens.<\/p>\n<p>Les professeurs et les jardini\u00e8res ont re\u00e7u une formation reconnue par un institut (Disdacali ou L\u2019institut Rudolf Steiner en France), ont une exp\u00e9rience solide dans une ou plusieurs \u00e9coles Steiner-Waldorf ou sont en cours de formation. Ils sont salari\u00e9s de l\u2019association. Les intervenants sont des professeurs form\u00e9s dans leur sp\u00e9cialit\u00e9\u00a0: eurythmie, langue (anglais et allemand), travaux manuels, musique, chant\u2026<\/p>\n<p>Chaque ann\u00e9e, nous accueillons \u00e9galement des jeunes volontaires en Service Civique.<\/p>\n<p><strong>Le Coll\u00e8ge de Direction<\/strong><\/p>\n<p>Issu du Coll\u00e8ge des Professeurs, il a pour mission de r\u00e9fl\u00e9chir plus profond\u00e9ment aux besoins de l\u2019Ecole et \u00e0 ses orientations. Ses membres se trouvent en position de porter l\u2019institution dans la dur\u00e9e. Ils travaillent en lien \u00e9troit avec le Conseil d\u2019Administration.<\/p>\n","protected":false},"excerpt":{"rendered":"<p>Le Coll\u00e8ge des Professeurs Comme dans toutes les \u00e9coles Steiner-Waldorf, le Coll\u00e8ge des Professeurs forme l&rsquo;\u00e9quipe p\u00e9dagogique et se retrouve deux fois par semaine pour travailler, se rencontrer, s\u2019\u00e9prouver, \u00e9changer, <a class=\"more-link\" href=\"http:\/\/www.lamhotte.fr\/ecole\/lorganisation-sociale\/les-colleges\/\">Continue Reading &rarr;<\/a><\/p>\n","protected":false},"author":1,"featured_media":0,"parent":129,"menu_order":0,"comment_status":"closed","ping_status":"closed","template":"","meta":{"footnotes":""},"class_list":["post-135","page","type-page","status-publish","hentry"],"_links":{"self":[{"href":"http:\/\/www.lamhotte.fr\/ecole\/wp-json\/wp\/v2\/pages\/135","targetHints":{"allow":["GET"]}}],"collection":[{"href":"http:\/\/www.lamhotte.fr\/ecole\/wp-json\/wp\/v2\/pages"}],"about":[{"href":"http:\/\/www.lamhotte.fr\/ecole\/wp-json\/wp\/v2\/types\/page"}],"author":[{"embeddable":true,"href":"http:\/\/www.lamhotte.fr\/ecole\/wp-json\/wp\/v2\/users\/1"}],"replies":[{"embeddable":true,"href":"http:\/\/www.lamhotte.fr\/ecole\/wp-json\/wp\/v2\/comments?post=135"}],"version-history":[{"count":5,"href":"http:\/\/www.lamhotte.fr\/ecole\/wp-json\/wp\/v2\/pages\/135\/revisions"}],"predecessor-version":[{"id":1123,"href":"http:\/\/www.lamhotte.fr\/ecole\/wp-json\/wp\/v2\/pages\/135\/revisions\/1123"}],"up":[{"embeddable":true,"href":"http:\/\/www.lamhotte.fr\/ecole\/wp-json\/wp\/v2\/pages\/129"}],"wp:attachment":[{"href":"http:\/\/www.lamhotte.fr\/ecole\/wp-json\/wp\/v2\/media?parent=135"}],"curies":[{"name":"wp","href":"https:\/\/api.w.org\/{rel}","templated":true}]}}