{"id":419,"date":"2015-06-25T10:13:13","date_gmt":"2015-06-25T08:13:13","guid":{"rendered":"http:\/\/www.lamhotte.fr\/ecole\/?page_id=419"},"modified":"2024-03-21T14:41:43","modified_gmt":"2024-03-21T13:41:43","slug":"sejour-linguistique","status":"publish","type":"page","link":"http:\/\/www.lamhotte.fr\/ecole\/sejour-linguistique\/","title":{"rendered":"S\u00e9jours linguistiques"},"content":{"rendered":"<p><em>Les voyages forment la jeunesse (Montaigne), \u00ab\u00a0et si toi aussi tu venais \u00e0 la Mhotte ?\u00a0\u00bb<\/em><\/p>\n<p>L\u2019\u00c9cole de la Mhotte conna\u00eet une longue tradition d&rsquo;accueil d&rsquo;\u00e9l\u00e8ves \u00e9trangers, qui sont les bienvenus pour un s\u00e9jour de plusieurs semaines \u00e0 plusieurs mois.<\/p>\n<p>L\u2019\u00c9cole met plus sp\u00e9cialement l&rsquo;accent sur un accueil au sein de la grande classe (de 13 \u00e0 16 ans), \u00e0 un \u00e2ge o\u00f9 l&rsquo;exp\u00e9rience de l&rsquo;Autre et de l&rsquo;Ailleurs est tr\u00e8s pr\u00e9cieuse. Suivant la p\u00e9riode de l\u2019ann\u00e9e, les \u00e9l\u00e8ves peuvent participer aux grands projets de la classe : \u00e9cole itin\u00e9rante (randonn\u00e9e jusqu&rsquo;aux Volcans d\u2019Auvergne tous les deux ans, voyage aux \u00eeles Canaries (2019), <a href=\"https:\/\/pedagogie-waldorf.fr\/2021\/04\/30\/un-voyage-de-classe-steiner-waldorf-inoubliable\/\" target=\"_blank\" rel=\"noopener\">en Su\u00e8de<\/a> (2021), <a href=\"https:\/\/pedagogie-waldorf.fr\/2024\/03\/19\/voyage-steiner-waldorf-aux-iles-feroe\/\" target=\"_blank\" rel=\"noopener\">aux \u00eeles F\u00e9ro\u00e9<\/a> (2023)), pi\u00e8ce de th\u00e9\u00e2tre de fin de cycle\u2026<\/p>\n<p>Les \u00e9l\u00e8ves sont accueillis dans des familles de l&rsquo;\u00c9cole et partagent leur quotidien. L\u2019immersion est donc totale, tr\u00e8s favorable \u00e0 l\u2019apprentissage de la langue et enrichissante pour tous !<\/p>\n<p>Une participation financi\u00e8re de 280 euros par semaine est demand\u00e9e, qui couvre l&rsquo;ensemble des frais de prise en charge, \u00e0 l&rsquo;\u00c9cole et dans la famille d&rsquo;accueil.<\/p>\n<p>Si vous avez des questions ou souhaitez inscrire votre enfant, n&rsquo;h\u00e9sitez pas \u00e0 nous contacter \u00e0 ecole@lamhotte.fr<\/p>\n","protected":false},"excerpt":{"rendered":"<p>Les voyages forment la jeunesse (Montaigne), \u00ab\u00a0et si toi aussi tu venais \u00e0 la Mhotte ?\u00a0\u00bb L\u2019\u00c9cole de la Mhotte conna\u00eet une longue tradition d&rsquo;accueil d&rsquo;\u00e9l\u00e8ves \u00e9trangers, qui sont les <a class=\"more-link\" href=\"http:\/\/www.lamhotte.fr\/ecole\/sejour-linguistique\/\">Continue Reading &rarr;<\/a><\/p>\n","protected":false},"author":1,"featured_media":0,"parent":0,"menu_order":0,"comment_status":"closed","ping_status":"closed","template":"","meta":{"footnotes":""},"class_list":["post-419","page","type-page","status-publish","hentry"],"_links":{"self":[{"href":"http:\/\/www.lamhotte.fr\/ecole\/wp-json\/wp\/v2\/pages\/419","targetHints":{"allow":["GET"]}}],"collection":[{"href":"http:\/\/www.lamhotte.fr\/ecole\/wp-json\/wp\/v2\/pages"}],"about":[{"href":"http:\/\/www.lamhotte.fr\/ecole\/wp-json\/wp\/v2\/types\/page"}],"author":[{"embeddable":true,"href":"http:\/\/www.lamhotte.fr\/ecole\/wp-json\/wp\/v2\/users\/1"}],"replies":[{"embeddable":true,"href":"http:\/\/www.lamhotte.fr\/ecole\/wp-json\/wp\/v2\/comments?post=419"}],"version-history":[{"count":21,"href":"http:\/\/www.lamhotte.fr\/ecole\/wp-json\/wp\/v2\/pages\/419\/revisions"}],"predecessor-version":[{"id":1166,"href":"http:\/\/www.lamhotte.fr\/ecole\/wp-json\/wp\/v2\/pages\/419\/revisions\/1166"}],"wp:attachment":[{"href":"http:\/\/www.lamhotte.fr\/ecole\/wp-json\/wp\/v2\/media?parent=419"}],"curies":[{"name":"wp","href":"https:\/\/api.w.org\/{rel}","templated":true}]}}