{"id":98,"date":"2014-05-22T22:18:01","date_gmt":"2014-05-22T20:18:01","guid":{"rendered":"http:\/\/www.lamhotte.fr\/ecole\/?page_id=98"},"modified":"2014-06-10T01:09:30","modified_gmt":"2014-06-09T23:09:30","slug":"les-enseignements-de-base","status":"publish","type":"page","link":"https:\/\/www.lamhotte.fr\/ecole\/la-pedagogie\/les-enseignements-de-base\/","title":{"rendered":"Les enseignements de base"},"content":{"rendered":"<p>Les enseignements de base (tels qu\u2019ils apparaissent dans le Socle Commun de Connaissances et de Comp\u00e9tences d\u00e9fini par l\u2019Education Nationale)<\/p>\n<p><a title=\"I \u2013 Enseignement du Fran\u00e7ais\" href=\"http:\/\/www.lamhotte.fr\/ecole\/la-pedagogie\/les-enseignements-de-base\/i-enseignement-du-francais\/\">I &#8211; Enseignement du fran\u00e7ais<\/a><br \/>\n<a title=\"II \u2013 Les math\u00e9matiques\" href=\"http:\/\/www.lamhotte.fr\/ecole\/la-pedagogie\/les-enseignements-de-base\/ii-les-mathematiques\/\">II &#8211; Les Math\u00e9matiques<\/a><br \/>\n<a title=\"III \u2013 Sciences et technologie\" href=\"http:\/\/www.lamhotte.fr\/ecole\/la-pedagogie\/les-enseignements-de-base\/iii-sciences-et-technologie\/\">III &#8211; Sciences et technologie<\/a><br \/>\n<a title=\"IV \u2013 Enseignement des langues\" href=\"http:\/\/www.lamhotte.fr\/ecole\/la-pedagogie\/les-enseignements-de-base\/iv-enseignement-des-langues\/\">IV &#8211; Enseignement des langues<\/a><br \/>\n<a title=\"V \u2013 Histoire et g\u00e9ographie\" href=\"http:\/\/www.lamhotte.fr\/ecole\/la-pedagogie\/les-enseignements-de-base\/v-histoire-et-geographie\/\">V &#8211; Histoire et g\u00e9ographie<\/a><br \/>\n<a title=\"VI  et VII \u2013 Civisme et citoyennet\u00e9 \u2013AUTONOMIE ET INITIATIVE\" href=\"http:\/\/www.lamhotte.fr\/ecole\/la-pedagogie\/les-enseignements-de-base\/vi-et-vii-civisme-et-citoyennete-autonomie-et-initiative\/\">VI et VII- Civisme et citoyennet\u00e9 &#8211; Autonomie et Initiative<\/a><\/p>\n<p>***<br \/>\nDe fa\u00e7on g\u00e9n\u00e9rale, dans la p\u00e9dagogie Steiner-Waldorf, les phases d&rsquo;enseignement ne peuvent pas \u00eatre assimil\u00e9es \u00e0 des regroupements stricts de classes de niveaux cons\u00e9cutifs. En effet, ces phases se structurent de fa\u00e7on l\u00e9g\u00e8rement diff\u00e9rente selon les disciplines. De m\u00eame, la classification selon des rubriques bien d\u00e9limit\u00e9es est forc\u00e9ment un peu artificielle, vu qu\u2019elle estompe l\u2019intention fondamentale mise en pratique qui tend vers une transdisciplinarit\u00e9 maximale pour chaque unit\u00e9 d\u2019enseignement.<\/p>\n<p>&nbsp;<\/p>\n<p>&nbsp;<\/p>\n<p><strong>Bibliographie<\/strong><\/p>\n<p>Eduquer vers la Libert\u00e9 \u2013 Les Ecoles Steiner-Waldorf \u00a0\u00a0\u00a0Les Trois Arches<br \/>\nLes Phases de l\u2019Enfance de Bernard Lievegoed\u00a0\u00a0\u00a0Les Trois Arches<br \/>\nLes moins de sept ans de Elisabeth Grunelius\u00a0\u00a0\u00a0Triades<br \/>\nLe Miracle de l\u2019Enfance de Henning K\u00f6hler\u00a0\u00a0\u00a0NovalisLa Sant\u00e9 par l\u2019Education, Sections m\u00e9dicale et p\u00e9dagogique du Goetheanum\u00a0\u00a0\u00a0\u00a0Les Trois Arches<\/p>\n","protected":false},"excerpt":{"rendered":"<p>Les enseignements de base (tels qu\u2019ils apparaissent dans le Socle Commun de Connaissances et de Comp\u00e9tences d\u00e9fini par l\u2019Education Nationale) I &#8211; Enseignement du fran\u00e7ais II &#8211; Les Math\u00e9matiques III <a class=\"more-link\" href=\"https:\/\/www.lamhotte.fr\/ecole\/la-pedagogie\/les-enseignements-de-base\/\">Continue Reading &rarr;<\/a><\/p>\n","protected":false},"author":1,"featured_media":0,"parent":93,"menu_order":0,"comment_status":"closed","ping_status":"closed","template":"","meta":{"footnotes":""},"class_list":["post-98","page","type-page","status-publish","hentry"],"_links":{"self":[{"href":"https:\/\/www.lamhotte.fr\/ecole\/wp-json\/wp\/v2\/pages\/98","targetHints":{"allow":["GET"]}}],"collection":[{"href":"https:\/\/www.lamhotte.fr\/ecole\/wp-json\/wp\/v2\/pages"}],"about":[{"href":"https:\/\/www.lamhotte.fr\/ecole\/wp-json\/wp\/v2\/types\/page"}],"author":[{"embeddable":true,"href":"https:\/\/www.lamhotte.fr\/ecole\/wp-json\/wp\/v2\/users\/1"}],"replies":[{"embeddable":true,"href":"https:\/\/www.lamhotte.fr\/ecole\/wp-json\/wp\/v2\/comments?post=98"}],"version-history":[{"count":4,"href":"https:\/\/www.lamhotte.fr\/ecole\/wp-json\/wp\/v2\/pages\/98\/revisions"}],"predecessor-version":[{"id":178,"href":"https:\/\/www.lamhotte.fr\/ecole\/wp-json\/wp\/v2\/pages\/98\/revisions\/178"}],"up":[{"embeddable":true,"href":"https:\/\/www.lamhotte.fr\/ecole\/wp-json\/wp\/v2\/pages\/93"}],"wp:attachment":[{"href":"https:\/\/www.lamhotte.fr\/ecole\/wp-json\/wp\/v2\/media?parent=98"}],"curies":[{"name":"wp","href":"https:\/\/api.w.org\/{rel}","templated":true}]}}